{"id":3320,"date":"2023-12-01T22:32:38","date_gmt":"2023-12-01T21:32:38","guid":{"rendered":"https:\/\/ratmed.org\/?page_id=3320"},"modified":"2023-12-01T22:36:14","modified_gmt":"2023-12-01T21:36:14","slug":"i-ogolnopolski-zjazd-organizacji-zrzeszajacych-ratownikow-medycznych","status":"publish","type":"page","link":"https:\/\/ratmed.org\/index.php\/i-ogolnopolski-zjazd-organizacji-zrzeszajacych-ratownikow-medycznych\/","title":{"rendered":"I Og\u00f3lnopolski Zjazd Organizacji Zrzeszaj\u0105cych Ratownik\u00f3w Medycznych"},"content":{"rendered":"<p>\u201e<em><strong>Wsp\u00f3lnie dla zawodu<\/strong><\/em>\u201d \u2013 pod takim has\u0142em odby\u0142 si\u0119 w dniach 26-27 listopada 2023 r. I Og\u00f3lnopolski Zjazd Organizacji Zrzeszaj\u0105cych ratownik\u00f3w medycznych. Wydarzenie zorganizowa\u0142o Polskie Towarzystwo Ratownik\u00f3w Medycznych.<\/p>\n<p><img loading=\"lazy\" decoding=\"async\" class=\"size-large wp-image-3170 aligncenter\" src=\"https:\/\/ratmed.org\/wp-content\/uploads\/2023\/10\/2023-10-09-Baner-z-logiem-i-nazwa-wydarzenia-po-korekcie-z-krzyzem-1024x235.jpg\" sizes=\"auto, (max-width: 780px) 100vw, 780px\" srcset=\"https:\/\/ratmed.org\/wp-content\/uploads\/2023\/10\/2023-10-09-Baner-z-logiem-i-nazwa-wydarzenia-po-korekcie-z-krzyzem-1024x235.jpg 1024w, https:\/\/ratmed.org\/wp-content\/uploads\/2023\/10\/2023-10-09-Baner-z-logiem-i-nazwa-wydarzenia-po-korekcie-z-krzyzem-300x69.jpg 300w, https:\/\/ratmed.org\/wp-content\/uploads\/2023\/10\/2023-10-09-Baner-z-logiem-i-nazwa-wydarzenia-po-korekcie-z-krzyzem-768x176.jpg 768w, https:\/\/ratmed.org\/wp-content\/uploads\/2023\/10\/2023-10-09-Baner-z-logiem-i-nazwa-wydarzenia-po-korekcie-z-krzyzem.jpg 1147w\" alt=\"\" width=\"780\" height=\"179\" \/><\/p>\n<p><strong>Uczestnikami Zjazdu<\/strong>\u00a0byli cz\u0142onkowie delegacji zg\u0142oszonych przez nast\u0119puj\u0105ce organizacje i instytucje:<\/p>\n<ul>\n<li>Krajowy Zwi\u0105zek Pracownik\u00f3w Ratownictwa Medycznego<\/li>\n<li>Krajowa Sekcja Pogotowia Ratunkowego i Ratownictwa Medycznego NSZZ \u201eSolidarno\u015b\u0107\u201d<\/li>\n<li>Og\u00f3lnopolski Zwi\u0105zek Zawodowy Ratownik\u00f3w Medycznych<\/li>\n<li>Polski Zwi\u0105zek Ratownik\u00f3w Medycznych<\/li>\n<li>Mi\u0119dzyzak\u0142adowy Zwi\u0105zek Zawodowy Ratownik\u00f3w Medycznych w Legnicy<\/li>\n<li>Krajowe Stowarzyszenie Ratownik\u00f3w Medycznych<\/li>\n<li>Zwi\u0105zek Zawodowy Cz\u0142onk\u00f3w Za\u0142\u00f3g HEMS i EMS Lotniczego Pogotowia Ratunkowego<\/li>\n<li>Zwi\u0105zek Zawodowy Systemu Pa\u0144stwowe Ratownictwo Medyczne<\/li>\n<li>56 Baza Lotnicza w Inowroc\u0142awiu (JW 1641)<\/li>\n<li>2 Wojskowy Szpital Polowy we Wroc\u0142awiu<\/li>\n<li>Inspektorat Wsparcia Si\u0142 Zbrojnych<\/li>\n<\/ul>\n<p><img loading=\"lazy\" decoding=\"async\" class=\"size-full wp-image-3258 aligncenter\" src=\"https:\/\/ratmed.org\/wp-content\/uploads\/2023\/11\/2023-11-27-2-dzien-Zjazdu-Organizacji-z-Michalem.jpg\" sizes=\"auto, (max-width: 1024px) 100vw, 1024px\" srcset=\"https:\/\/ratmed.org\/wp-content\/uploads\/2023\/11\/2023-11-27-2-dzien-Zjazdu-Organizacji-z-Michalem.jpg 1024w, https:\/\/ratmed.org\/wp-content\/uploads\/2023\/11\/2023-11-27-2-dzien-Zjazdu-Organizacji-z-Michalem-300x225.jpg 300w, https:\/\/ratmed.org\/wp-content\/uploads\/2023\/11\/2023-11-27-2-dzien-Zjazdu-Organizacji-z-Michalem-768x576.jpg 768w\" alt=\"\" width=\"1024\" height=\"768\" \/><\/p>\n<p>Zjazd otworzy\u0142 Pan\u00a0<strong><em>dr n. o zdr. Jaros\u0142aw Madowicz<\/em><\/strong>\u00a0Prezes Zarz\u0105du G\u0142\u00f3wnego Polskiego Towarzystwa Ratownik\u00f3w Medycznych.<\/p>\n<p><img loading=\"lazy\" decoding=\"async\" class=\"size-full wp-image-3242 aligncenter\" src=\"https:\/\/ratmed.org\/wp-content\/uploads\/2023\/11\/2023-11-28-Otwarcie-Jarek.jpg\" sizes=\"auto, (max-width: 960px) 100vw, 960px\" srcset=\"https:\/\/ratmed.org\/wp-content\/uploads\/2023\/11\/2023-11-28-Otwarcie-Jarek.jpg 960w, https:\/\/ratmed.org\/wp-content\/uploads\/2023\/11\/2023-11-28-Otwarcie-Jarek-300x225.jpg 300w, https:\/\/ratmed.org\/wp-content\/uploads\/2023\/11\/2023-11-28-Otwarcie-Jarek-768x576.jpg 768w\" alt=\"\" width=\"960\" height=\"720\" \/><\/p>\n<p>Program dwudniowego Zjazdu obejmowa\u0142 5 paneli tematycznych:<\/p>\n<ul>\n<li><strong>PANEL 1<\/strong>\u00a0\u2013 \u201e<em>Samorz\u0105d = Du\u017ca firma?<\/em>\u201d prowadzi\u0142 Pan\u00a0<strong><em>mgr Mateusz Komza<\/em><\/strong>, Cz\u0142onek Zarz\u0105du PTRM, Przewodnicz\u0105cy Komitetu Organizacyjnego Samorz\u0105du Ratownik\u00f3w Medycznych<\/li>\n<\/ul>\n<p><img loading=\"lazy\" decoding=\"async\" class=\"size-large wp-image-3243 aligncenter\" src=\"https:\/\/ratmed.org\/wp-content\/uploads\/2023\/11\/2023-11-28-Panel-1-1024x599.jpg\" sizes=\"auto, (max-width: 780px) 100vw, 780px\" srcset=\"https:\/\/ratmed.org\/wp-content\/uploads\/2023\/11\/2023-11-28-Panel-1-1024x599.jpg 1024w, https:\/\/ratmed.org\/wp-content\/uploads\/2023\/11\/2023-11-28-Panel-1-300x175.jpg 300w, https:\/\/ratmed.org\/wp-content\/uploads\/2023\/11\/2023-11-28-Panel-1-768x449.jpg 768w, https:\/\/ratmed.org\/wp-content\/uploads\/2023\/11\/2023-11-28-Panel-1-1536x899.jpg 1536w, https:\/\/ratmed.org\/wp-content\/uploads\/2023\/11\/2023-11-28-Panel-1.jpg 2048w\" alt=\"\" width=\"780\" height=\"456\" \/><\/p>\n<ul>\n<li><strong>PANEL 2<\/strong>\u00a0\u2013 \u201e<em>Jak widzimy organizacj\u0119 przysz\u0142ej Krajowej Rady Ratownik\u00f3w Medycznych?\u201d prowadzi\u0142 Pan\u00a0<strong>mgr Ireneusz Szafraniec<\/strong>, Prezes Elekt PTRM<\/em><\/li>\n<\/ul>\n<p><img loading=\"lazy\" decoding=\"async\" class=\"size-large wp-image-3244 aligncenter\" src=\"https:\/\/ratmed.org\/wp-content\/uploads\/2023\/11\/2023-11-28-Panel-2-1024x768.jpg\" sizes=\"auto, (max-width: 780px) 100vw, 780px\" srcset=\"https:\/\/ratmed.org\/wp-content\/uploads\/2023\/11\/2023-11-28-Panel-2-1024x768.jpg 1024w, https:\/\/ratmed.org\/wp-content\/uploads\/2023\/11\/2023-11-28-Panel-2-300x225.jpg 300w, https:\/\/ratmed.org\/wp-content\/uploads\/2023\/11\/2023-11-28-Panel-2-768x576.jpg 768w, https:\/\/ratmed.org\/wp-content\/uploads\/2023\/11\/2023-11-28-Panel-2-1536x1152.jpg 1536w, https:\/\/ratmed.org\/wp-content\/uploads\/2023\/11\/2023-11-28-Panel-2.jpg 2048w\" alt=\"\" width=\"780\" height=\"585\" \/><\/p>\n<ul>\n<li><strong>PANEL 3<\/strong>\u00a0\u2013 \u201eO systemie PRM s\u0142\u00f3w kilka \u2026\u201d prowadzi\u0142 Pan\u00a0<strong><em>dr n. med. i n. o zdr.<\/em><\/strong>\u00a0<strong><em>Micha\u0142 Kucap<\/em><\/strong>, Cz\u0142onek Zarz\u0105du PTRM, Krajowy Ekspert ds. ratownictwa medycznego PTRM<\/li>\n<\/ul>\n<p><img loading=\"lazy\" decoding=\"async\" class=\"size-large wp-image-3245 aligncenter\" src=\"https:\/\/ratmed.org\/wp-content\/uploads\/2023\/11\/2023-11-28-Panel-3-1024x768.jpg\" sizes=\"auto, (max-width: 780px) 100vw, 780px\" srcset=\"https:\/\/ratmed.org\/wp-content\/uploads\/2023\/11\/2023-11-28-Panel-3-1024x768.jpg 1024w, https:\/\/ratmed.org\/wp-content\/uploads\/2023\/11\/2023-11-28-Panel-3-300x225.jpg 300w, https:\/\/ratmed.org\/wp-content\/uploads\/2023\/11\/2023-11-28-Panel-3-768x576.jpg 768w, https:\/\/ratmed.org\/wp-content\/uploads\/2023\/11\/2023-11-28-Panel-3-1536x1152.jpg 1536w, https:\/\/ratmed.org\/wp-content\/uploads\/2023\/11\/2023-11-28-Panel-3.jpg 2048w\" alt=\"\" width=\"780\" height=\"585\" \/><\/p>\n<ul>\n<li><strong>PANEL 4<\/strong>\u00a0\u2013 \u201eRola i miejsce zawodu ratownika medycznego w systemie ochrony zdrowia\u201d prowadzi\u0142 Pan\u00a0<strong><em>dr n. o zdr. Jaros\u0142aw Madowicz<\/em><\/strong>, Prezes Zarz\u0105du G\u0142\u00f3wnego PTRM<\/li>\n<\/ul>\n<p><img loading=\"lazy\" decoding=\"async\" class=\"size-large wp-image-3246 aligncenter\" src=\"https:\/\/ratmed.org\/wp-content\/uploads\/2023\/11\/2023-11-28-Panel-4-1024x768.jpg\" sizes=\"auto, (max-width: 780px) 100vw, 780px\" srcset=\"https:\/\/ratmed.org\/wp-content\/uploads\/2023\/11\/2023-11-28-Panel-4-1024x768.jpg 1024w, https:\/\/ratmed.org\/wp-content\/uploads\/2023\/11\/2023-11-28-Panel-4-300x225.jpg 300w, https:\/\/ratmed.org\/wp-content\/uploads\/2023\/11\/2023-11-28-Panel-4-768x576.jpg 768w, https:\/\/ratmed.org\/wp-content\/uploads\/2023\/11\/2023-11-28-Panel-4-1536x1152.jpg 1536w, https:\/\/ratmed.org\/wp-content\/uploads\/2023\/11\/2023-11-28-Panel-4.jpg 2048w\" alt=\"\" width=\"780\" height=\"585\" \/><\/p>\n<ul>\n<li><strong>PANEL 5<\/strong>\u00a0\u2013 \u201e<em>Jak spotyka\u0107 si\u0119 z \u2026.<\/em>\u201d prowadzi\u0142 Pan\u00a0<strong><em>dr n. med. Ireneusz Barziej<\/em><\/strong>, Przewodnicz\u0105cy Rady Naukowej PTRM<\/li>\n<\/ul>\n<p><img loading=\"lazy\" decoding=\"async\" class=\"size-large wp-image-3247 aligncenter\" src=\"https:\/\/ratmed.org\/wp-content\/uploads\/2023\/11\/2023-11-28-Panel-5-1024x768.jpg\" sizes=\"auto, (max-width: 780px) 100vw, 780px\" srcset=\"https:\/\/ratmed.org\/wp-content\/uploads\/2023\/11\/2023-11-28-Panel-5-1024x768.jpg 1024w, https:\/\/ratmed.org\/wp-content\/uploads\/2023\/11\/2023-11-28-Panel-5-300x225.jpg 300w, https:\/\/ratmed.org\/wp-content\/uploads\/2023\/11\/2023-11-28-Panel-5-768x576.jpg 768w, https:\/\/ratmed.org\/wp-content\/uploads\/2023\/11\/2023-11-28-Panel-5-1536x1152.jpg 1536w, https:\/\/ratmed.org\/wp-content\/uploads\/2023\/11\/2023-11-28-Panel-5.jpg 2048w\" alt=\"\" width=\"780\" height=\"585\" \/><\/p>\n<p>Dodatkowo podczas Zjazdu zosta\u0142o zaprezentowane zagadnienie odpowiedzialno\u015bci prawnej w r\u00f3\u017cnych formach wykonywania zawodu ratownika medycznego. Prelekcj\u0119 poprowadzi\u0142 Pan\u00a0<em><strong>mec. Pawe\u0142 Strzelec<\/strong>,\u00a0<\/em>Inter Ubezpieczenia \u2013 partner wydarzenia.<\/p>\n<p><img loading=\"lazy\" decoding=\"async\" class=\"size-large wp-image-3248 aligncenter\" src=\"https:\/\/ratmed.org\/wp-content\/uploads\/2023\/11\/2023-11-28-Panel-prawny-1024x768.jpg\" sizes=\"auto, (max-width: 780px) 100vw, 780px\" srcset=\"https:\/\/ratmed.org\/wp-content\/uploads\/2023\/11\/2023-11-28-Panel-prawny-1024x768.jpg 1024w, https:\/\/ratmed.org\/wp-content\/uploads\/2023\/11\/2023-11-28-Panel-prawny-300x225.jpg 300w, https:\/\/ratmed.org\/wp-content\/uploads\/2023\/11\/2023-11-28-Panel-prawny-768x576.jpg 768w, https:\/\/ratmed.org\/wp-content\/uploads\/2023\/11\/2023-11-28-Panel-prawny-1536x1152.jpg 1536w, https:\/\/ratmed.org\/wp-content\/uploads\/2023\/11\/2023-11-28-Panel-prawny.jpg 2048w\" alt=\"\" width=\"780\" height=\"585\" \/><\/p>\n<p>Wszystkim panelom towarzyszy\u0142a dyskusja w kt\u00f3rej ka\u017cdy z uczestnik\u00f3w m\u00f3g\u0142 si\u0119 wypowiedzie\u0107.<\/p>\n<p><img loading=\"lazy\" decoding=\"async\" class=\"size-large wp-image-3249 aligncenter\" src=\"https:\/\/ratmed.org\/wp-content\/uploads\/2023\/11\/2023-11-28-Dyskusja-9-1024x768.jpg\" sizes=\"auto, (max-width: 780px) 100vw, 780px\" srcset=\"https:\/\/ratmed.org\/wp-content\/uploads\/2023\/11\/2023-11-28-Dyskusja-9-1024x768.jpg 1024w, https:\/\/ratmed.org\/wp-content\/uploads\/2023\/11\/2023-11-28-Dyskusja-9-300x225.jpg 300w, https:\/\/ratmed.org\/wp-content\/uploads\/2023\/11\/2023-11-28-Dyskusja-9-768x576.jpg 768w, https:\/\/ratmed.org\/wp-content\/uploads\/2023\/11\/2023-11-28-Dyskusja-9-1536x1152.jpg 1536w, https:\/\/ratmed.org\/wp-content\/uploads\/2023\/11\/2023-11-28-Dyskusja-9.jpg 2048w\" alt=\"\" width=\"780\" height=\"585\" \/><\/p>\n<p><img loading=\"lazy\" decoding=\"async\" class=\"size-large wp-image-3250 aligncenter\" src=\"https:\/\/ratmed.org\/wp-content\/uploads\/2023\/11\/2023-11-28-Dyskusja-8-1024x768.jpg\" sizes=\"auto, (max-width: 780px) 100vw, 780px\" srcset=\"https:\/\/ratmed.org\/wp-content\/uploads\/2023\/11\/2023-11-28-Dyskusja-8-1024x768.jpg 1024w, https:\/\/ratmed.org\/wp-content\/uploads\/2023\/11\/2023-11-28-Dyskusja-8-300x225.jpg 300w, https:\/\/ratmed.org\/wp-content\/uploads\/2023\/11\/2023-11-28-Dyskusja-8-768x576.jpg 768w, https:\/\/ratmed.org\/wp-content\/uploads\/2023\/11\/2023-11-28-Dyskusja-8-1536x1152.jpg 1536w, https:\/\/ratmed.org\/wp-content\/uploads\/2023\/11\/2023-11-28-Dyskusja-8.jpg 2048w\" alt=\"\" width=\"780\" height=\"585\" \/><\/p>\n<p><img loading=\"lazy\" decoding=\"async\" class=\"size-large wp-image-3252 aligncenter\" src=\"https:\/\/ratmed.org\/wp-content\/uploads\/2023\/11\/2023-11-28-Dyskusja-6-1024x768.jpg\" sizes=\"auto, (max-width: 780px) 100vw, 780px\" srcset=\"https:\/\/ratmed.org\/wp-content\/uploads\/2023\/11\/2023-11-28-Dyskusja-6-1024x768.jpg 1024w, https:\/\/ratmed.org\/wp-content\/uploads\/2023\/11\/2023-11-28-Dyskusja-6-300x225.jpg 300w, https:\/\/ratmed.org\/wp-content\/uploads\/2023\/11\/2023-11-28-Dyskusja-6-768x576.jpg 768w, https:\/\/ratmed.org\/wp-content\/uploads\/2023\/11\/2023-11-28-Dyskusja-6-1536x1152.jpg 1536w, https:\/\/ratmed.org\/wp-content\/uploads\/2023\/11\/2023-11-28-Dyskusja-6.jpg 2048w\" alt=\"\" width=\"780\" height=\"585\" \/><\/p>\n<p><img loading=\"lazy\" decoding=\"async\" class=\"size-large wp-image-3253 aligncenter\" src=\"https:\/\/ratmed.org\/wp-content\/uploads\/2023\/11\/2023-11-28-Dyskusja-5-1024x768.jpg\" sizes=\"auto, (max-width: 780px) 100vw, 780px\" srcset=\"https:\/\/ratmed.org\/wp-content\/uploads\/2023\/11\/2023-11-28-Dyskusja-5-1024x768.jpg 1024w, https:\/\/ratmed.org\/wp-content\/uploads\/2023\/11\/2023-11-28-Dyskusja-5-300x225.jpg 300w, https:\/\/ratmed.org\/wp-content\/uploads\/2023\/11\/2023-11-28-Dyskusja-5-768x576.jpg 768w, https:\/\/ratmed.org\/wp-content\/uploads\/2023\/11\/2023-11-28-Dyskusja-5-1536x1152.jpg 1536w, https:\/\/ratmed.org\/wp-content\/uploads\/2023\/11\/2023-11-28-Dyskusja-5.jpg 2048w\" alt=\"\" width=\"780\" height=\"585\" \/><\/p>\n<p><img loading=\"lazy\" decoding=\"async\" class=\"size-large wp-image-3254 aligncenter\" src=\"https:\/\/ratmed.org\/wp-content\/uploads\/2023\/11\/2023-11-28-Dyskusja-4-1024x768.jpg\" sizes=\"auto, (max-width: 780px) 100vw, 780px\" srcset=\"https:\/\/ratmed.org\/wp-content\/uploads\/2023\/11\/2023-11-28-Dyskusja-4-1024x768.jpg 1024w, https:\/\/ratmed.org\/wp-content\/uploads\/2023\/11\/2023-11-28-Dyskusja-4-300x225.jpg 300w, https:\/\/ratmed.org\/wp-content\/uploads\/2023\/11\/2023-11-28-Dyskusja-4-768x576.jpg 768w, https:\/\/ratmed.org\/wp-content\/uploads\/2023\/11\/2023-11-28-Dyskusja-4-1536x1152.jpg 1536w, https:\/\/ratmed.org\/wp-content\/uploads\/2023\/11\/2023-11-28-Dyskusja-4.jpg 2048w\" alt=\"\" width=\"780\" height=\"585\" \/><\/p>\n<p><img loading=\"lazy\" decoding=\"async\" class=\"size-large wp-image-3255 aligncenter\" src=\"https:\/\/ratmed.org\/wp-content\/uploads\/2023\/11\/2023-11-28-Dyskusja-3-1024x768.jpg\" sizes=\"auto, (max-width: 780px) 100vw, 780px\" srcset=\"https:\/\/ratmed.org\/wp-content\/uploads\/2023\/11\/2023-11-28-Dyskusja-3-1024x768.jpg 1024w, https:\/\/ratmed.org\/wp-content\/uploads\/2023\/11\/2023-11-28-Dyskusja-3-300x225.jpg 300w, https:\/\/ratmed.org\/wp-content\/uploads\/2023\/11\/2023-11-28-Dyskusja-3-768x576.jpg 768w, https:\/\/ratmed.org\/wp-content\/uploads\/2023\/11\/2023-11-28-Dyskusja-3-1536x1152.jpg 1536w, https:\/\/ratmed.org\/wp-content\/uploads\/2023\/11\/2023-11-28-Dyskusja-3.jpg 2048w\" alt=\"\" width=\"780\" height=\"585\" \/><\/p>\n<p><img loading=\"lazy\" decoding=\"async\" class=\"size-large wp-image-3256 aligncenter\" src=\"https:\/\/ratmed.org\/wp-content\/uploads\/2023\/11\/2023-11-28-Dyskusja-2-1024x768.jpg\" sizes=\"auto, (max-width: 780px) 100vw, 780px\" srcset=\"https:\/\/ratmed.org\/wp-content\/uploads\/2023\/11\/2023-11-28-Dyskusja-2-1024x768.jpg 1024w, https:\/\/ratmed.org\/wp-content\/uploads\/2023\/11\/2023-11-28-Dyskusja-2-300x225.jpg 300w, https:\/\/ratmed.org\/wp-content\/uploads\/2023\/11\/2023-11-28-Dyskusja-2-768x576.jpg 768w, https:\/\/ratmed.org\/wp-content\/uploads\/2023\/11\/2023-11-28-Dyskusja-2-1536x1152.jpg 1536w, https:\/\/ratmed.org\/wp-content\/uploads\/2023\/11\/2023-11-28-Dyskusja-2.jpg 2048w\" alt=\"\" width=\"780\" height=\"585\" \/><\/p>\n<p><img loading=\"lazy\" decoding=\"async\" class=\"size-large wp-image-3257 aligncenter\" src=\"https:\/\/ratmed.org\/wp-content\/uploads\/2023\/11\/2023-11-28-Dyskusja-1-1024x768.jpg\" sizes=\"auto, (max-width: 780px) 100vw, 780px\" srcset=\"https:\/\/ratmed.org\/wp-content\/uploads\/2023\/11\/2023-11-28-Dyskusja-1-1024x768.jpg 1024w, https:\/\/ratmed.org\/wp-content\/uploads\/2023\/11\/2023-11-28-Dyskusja-1-300x225.jpg 300w, https:\/\/ratmed.org\/wp-content\/uploads\/2023\/11\/2023-11-28-Dyskusja-1-768x576.jpg 768w, https:\/\/ratmed.org\/wp-content\/uploads\/2023\/11\/2023-11-28-Dyskusja-1-1536x1152.jpg 1536w, https:\/\/ratmed.org\/wp-content\/uploads\/2023\/11\/2023-11-28-Dyskusja-1.jpg 2048w\" alt=\"\" width=\"780\" height=\"585\" \/><\/p>\n<p>Na zako\u0144czenie Zjazdu delegacje organizacji zrzeszaj\u0105cych podpisa\u0142y wsp\u00f3lne stanowisko zawieraj\u0105ce 10 najpilniejszych problem\u00f3w, kt\u00f3re wymagaj\u0105 podj\u0119cia dzia\u0142a\u0144 przez Ministra Zdrowia.<\/p>\n<p>Stanowisko podpisa\u0142y nast\u0119puj\u0105ce organizacje:<\/p>\n<ul>\n<li>Krajowy Zwi\u0105zek Pracownik\u00f3w Ratownictwa Medycznego<\/li>\n<li>Og\u00f3lnopolski Zwi\u0105zek Zawodowy Ratownik\u00f3w Medycznych<\/li>\n<li>Polski Zwi\u0105zek Ratownik\u00f3w Medycznych<\/li>\n<li>Mi\u0119dzyzak\u0142adowy Zwi\u0105zek Zawodowy Ratownik\u00f3w Medycznych w Legnicy<\/li>\n<li>Krajowe Stowarzyszenie Ratownik\u00f3w Medycznych<\/li>\n<li>Zwi\u0105zek Zawodowy Cz\u0142onk\u00f3w Za\u0142\u00f3g HEMS i EMS Lotniczego Pogotowia Ratunkowego<\/li>\n<li>Zwi\u0105zek Zawodowy Systemu Pa\u0144stwowe Ratownictwo Medyczne<\/li>\n<\/ul>\n<p>Ww. stanowiska nie podpisa\u0142a jedynie jedna z organizacji uczestnicz\u0105ca w Zje\u017adzie: Krajowa Sekcja Pogotowia Ratunkowego i Ratownictwa Medycznego NSZZ \u201eSolidarno\u015b\u0107\u201d.<\/p>\n<p>Szerzej o podpisanym stanowisku piszemy w artykule \u2013\u00a0<a href=\"https:\/\/ratmed.org\/index.php\/2023\/11\/28\/wspolne-stanowisko-organizacji-zrzeszajacych-ratownikow-medycznych-dotyczace-10-najpilniejszych-problemow-ktore-wymagaja-podjecia-dzialan-przez-ministra-zdrowia\/\"><strong>TUTA<\/strong><strong>J<\/strong><\/a>.<\/p>\n<p>W dniu 27 listopada 2023 roku w Smardzewicach, podczas I Og\u00f3lnopolskiego Zjazdu Organizacji Zrzeszaj\u0105cych Ratownik\u00f3w Medycznych, 7 organizacji zrzeszaj\u0105cych ratownik\u00f3w medycznych podpisa\u0142o wsp\u00f3lne stanowisko dotycz\u0105ce 10 najpilniejszych problem\u00f3w, kt\u00f3re wymagaj\u0105 podj\u0119cia dzia\u0142a\u0144 przez Ministra Zdrowia.<\/p>\n<p>Stanowisko podpisa\u0142y nast\u0119puj\u0105ce organizacje:<\/p>\n<ul>\n<li>Krajowy Zwi\u0105zek Pracownik\u00f3w Ratownictwa Medycznego<\/li>\n<li>Og\u00f3lnopolski Zwi\u0105zek Zawodowy Ratownik\u00f3w Medycznych<\/li>\n<li>Polski Zwi\u0105zek Ratownik\u00f3w Medycznych<\/li>\n<li>Mi\u0119dzyzak\u0142adowy Zwi\u0105zek Zawodowy Ratownik\u00f3w Medycznych w Legnicy<\/li>\n<li>Krajowe Stowarzyszenie Ratownik\u00f3w Medycznych<\/li>\n<li>Zwi\u0105zek Zawodowy Cz\u0142onk\u00f3w Za\u0142\u00f3g HEMS i EMS Lotniczego Pogotowia Ratunkowego<\/li>\n<li>Zwi\u0105zek Zawodowy Systemu Pa\u0144stwowe Ratownictwo Medyczne<\/li>\n<\/ul>\n<p>Ww. stanowiska nie podpisa\u0142a jedynie jedna z organizacji uczestnicz\u0105ca w Zje\u017adzie: Krajowa Sekcja Pogotowia Ratunkowego i Ratownictwa Medycznego NSZZ \u201eSolidarno\u015b\u0107\u201d.<\/p>\n<p>Stanowisko powsta\u0142o w toku szerokich dyskusji oraz analizy problem\u00f3w omawianych podczas ww. 5 paneli tematycznych.<\/p>\n<p>Organizacje uczestnicz\u0105ce w Zje\u017adzie powo\u0142uj\u0105c si\u0119 na zapisy art. 17 ust. 1 Konstytucji RP (Dz. U. z 1997 r. nr 78 poz. 483), oraz maj\u0105c na uwadze szeroko poj\u0119ty interes publiczny oraz reprezentuj\u0105c osoby wykonuj\u0105ce zaw\u00f3d zaufania publicznego wnosz\u0105 o:<\/p>\n<ul>\n<li><strong>pilne rozwi\u0105zanie problemu udzielania \u015bwiadcze\u0144 zdrowotnych przez ratownik\u00f3w medycznych na umowach cywilno-prawnych (jednoosobowa dzia\u0142alno\u015b\u0107 gospodarcza) w podmiotach leczniczych oraz umo\u017cliwienie wykonywania zawodu ratownika medycznego w formie indywidulanej praktyki zawodowej;<\/strong><\/li>\n<li>wprowadzenia ustawowego obowi\u0105zku wyp\u0142aty 30% dodatku za prac\u0119 w systemie Pa\u0144stwowe Ratownictwo Medyczne (tj. dyspozytornia medyczna i SOR\/IP) oraz dodatku za prac\u0119 w porze nocnej, niedziel\u0119 i \u015bwi\u0119ta (65\/45% z wyr\u00f3wnaniem od 01 lipca 2023 roku);<\/li>\n<li>rozwi\u0105zanie problemu braku finansowania samorz\u0105du zawodowego ratownik\u00f3w medycznych w pocz\u0105tkowej fazie jego dzia\u0142alno\u015bci;<\/li>\n<li>systemowe rozwi\u0105zanie problemu braku mo\u017cliwo\u015bci wykonywania zawodu ratownika medycznego przez osoby, kt\u00f3re uko\u0144czy\u0142y studia po dniu wej\u015bcia \u017cycie ustawy z dnia z dnia<br \/>\n1 grudnia 2022 r. o zawodzie ratownika medycznego oraz samorz\u0105dzie ratownik\u00f3w medycznych (t. j. Dz. U. z 2023 r. poz. 2187), \u2013 zwanej dalej: \u201eustaw\u0105 o zawodzie RM\u201d i uzyska\u0142 dyplom do wykonywania zawodu ratownika medycznego;<\/li>\n<li>rozwi\u0105zanie problemu braku mo\u017cliwo\u015bci odbycia przeszkolenia, kt\u00f3re umo\u017cliwia powr\u00f3t do wykonywania zawodu ratownika medycznego do czasu ukonstytuowania si\u0119 w\u0142adz samorz\u0105du RM oraz do czasu utworzenia struktur zdolnych do realizacji zadania zwi\u0105zanego opracowaniem programu przeszkolenia;<\/li>\n<li>rozpocz\u0119cie standaryzacji procesu udzielania medycznych czynno\u015bci w zespo\u0142ach ratownictwa medycznego;<\/li>\n<li>rozpocz\u0119cie wdro\u017cenia wykorzystania miernik\u00f3w jako\u015bci udzielania medycznych czynno\u015bci ratunkowych w zespo\u0142ach ratownictwa medycznego i szpitalnych oddzia\u0142ach ratunkowych;<\/li>\n<li>nowelizacj\u0119 rozporz\u0105dzenia Ministra Zdrowia z dnia 10 lipca 2023 r. w sprawie kwalifikacji wymaganych od pracownik\u00f3w na poszczeg\u00f3lnych rodzajach stanowisk pracy w podmiotach leczniczych nieb\u0119d\u0105cych przedsi\u0119biorcami w zakresie uwzgl\u0119dnia zawodu ratownika medycznego na stanowisku \u201ekierownik kom\u00f3rki organizacyjnej zak\u0142adu leczniczego\u201d oraz \u201ezast\u0119pca kierownika kom\u00f3rki organizacyjnej zak\u0142adu leczniczego\u201d;<\/li>\n<li>nowelizacj\u0119 ustawy z dnia 1 grudnia 2022 r. o zawodzie ratownika medycznego oraz samorz\u0105dzie ratownik\u00f3w medycznych w zakresie dodania przepis\u00f3w przej\u015bciowych zwi\u0105zanych z przej\u0119ciem realizacji zada\u0144 przez przysz\u0142y samorz\u0105d ratownik\u00f3w medycznych w momencie jego ukonstytuowania oraz uzyskania zdolno\u015bci przez organy samorz\u0105du do realizacji zada\u0144 ustawowych.<\/li>\n<li>rozpocz\u0119cie procesu nowelizacji ustawy o Pa\u0144stwowym Ratownictwie Medycznym (m.in. rozpocz\u0119cie procesu organizacji dysponent\u00f3w zespo\u0142\u00f3w ratownictwa medycznego w oparciu o jednolit\u0105 struktur\u0119 i organizacj\u0119 (wojew\u00f3dzkie stacje ratownictwa medycznego)).<\/li>\n<\/ul>\n<p>Ww. stanowisko zosta\u0142o kierowane do Ministra Zdrowia.<\/p>\n<p><img loading=\"lazy\" decoding=\"async\" class=\"size-large wp-image-3263 aligncenter\" src=\"https:\/\/ratmed.org\/wp-content\/uploads\/2023\/11\/2023-11-28-Pismo-PTRM-do-MZ-przekazanie-10-postulatow-745x1024.jpg\" sizes=\"auto, (max-width: 745px) 100vw, 745px\" srcset=\"https:\/\/ratmed.org\/wp-content\/uploads\/2023\/11\/2023-11-28-Pismo-PTRM-do-MZ-przekazanie-10-postulatow-745x1024.jpg 745w, https:\/\/ratmed.org\/wp-content\/uploads\/2023\/11\/2023-11-28-Pismo-PTRM-do-MZ-przekazanie-10-postulatow-218x300.jpg 218w, https:\/\/ratmed.org\/wp-content\/uploads\/2023\/11\/2023-11-28-Pismo-PTRM-do-MZ-przekazanie-10-postulatow-768x1056.jpg 768w, https:\/\/ratmed.org\/wp-content\/uploads\/2023\/11\/2023-11-28-Pismo-PTRM-do-MZ-przekazanie-10-postulatow-1117x1536.jpg 1117w, https:\/\/ratmed.org\/wp-content\/uploads\/2023\/11\/2023-11-28-Pismo-PTRM-do-MZ-przekazanie-10-postulatow.jpg 1489w\" alt=\"\" width=\"745\" height=\"1024\" \/><\/p>\n<p><img loading=\"lazy\" decoding=\"async\" class=\"size-large wp-image-3264 aligncenter\" src=\"https:\/\/ratmed.org\/wp-content\/uploads\/2023\/11\/2023-11-28-10-postulatow-Organizacji-zrzeszajacych-RM-strona-1-745x1024.jpg\" sizes=\"auto, (max-width: 745px) 100vw, 745px\" srcset=\"https:\/\/ratmed.org\/wp-content\/uploads\/2023\/11\/2023-11-28-10-postulatow-Organizacji-zrzeszajacych-RM-strona-1-745x1024.jpg 745w, https:\/\/ratmed.org\/wp-content\/uploads\/2023\/11\/2023-11-28-10-postulatow-Organizacji-zrzeszajacych-RM-strona-1-218x300.jpg 218w, https:\/\/ratmed.org\/wp-content\/uploads\/2023\/11\/2023-11-28-10-postulatow-Organizacji-zrzeszajacych-RM-strona-1-768x1056.jpg 768w, https:\/\/ratmed.org\/wp-content\/uploads\/2023\/11\/2023-11-28-10-postulatow-Organizacji-zrzeszajacych-RM-strona-1-1117x1536.jpg 1117w, https:\/\/ratmed.org\/wp-content\/uploads\/2023\/11\/2023-11-28-10-postulatow-Organizacji-zrzeszajacych-RM-strona-1.jpg 1489w\" alt=\"\" width=\"745\" height=\"1024\" \/><\/p>\n<p><img loading=\"lazy\" decoding=\"async\" class=\"size-large wp-image-3265 aligncenter\" src=\"https:\/\/ratmed.org\/wp-content\/uploads\/2023\/11\/2023-11-28-10-postulatow-Organizacji-zrzeszajacych-RM-strona-2-745x1024.jpg\" sizes=\"auto, (max-width: 745px) 100vw, 745px\" srcset=\"https:\/\/ratmed.org\/wp-content\/uploads\/2023\/11\/2023-11-28-10-postulatow-Organizacji-zrzeszajacych-RM-strona-2-745x1024.jpg 745w, https:\/\/ratmed.org\/wp-content\/uploads\/2023\/11\/2023-11-28-10-postulatow-Organizacji-zrzeszajacych-RM-strona-2-218x300.jpg 218w, https:\/\/ratmed.org\/wp-content\/uploads\/2023\/11\/2023-11-28-10-postulatow-Organizacji-zrzeszajacych-RM-strona-2-768x1056.jpg 768w, https:\/\/ratmed.org\/wp-content\/uploads\/2023\/11\/2023-11-28-10-postulatow-Organizacji-zrzeszajacych-RM-strona-2-1117x1536.jpg 1117w, https:\/\/ratmed.org\/wp-content\/uploads\/2023\/11\/2023-11-28-10-postulatow-Organizacji-zrzeszajacych-RM-strona-2.jpg 1489w\" alt=\"\" width=\"745\" height=\"1024\" \/><\/p>\n","protected":false},"excerpt":{"rendered":"<p>\u201eWsp\u00f3lnie dla zawodu\u201d \u2013 pod takim has\u0142em odby\u0142 si\u0119 w dniach 26-27 listopada 2023 r. I Og\u00f3lnopolski Zjazd Organizacji Zrzeszaj\u0105cych [&hellip;]<\/p>\n","protected":false},"author":1,"featured_media":0,"parent":0,"menu_order":5,"comment_status":"closed","ping_status":"closed","template":"","meta":{"footnotes":"","_links_to":"","_links_to_target":""},"class_list":["post-3320","page","type-page","status-publish","hentry"],"yoast_head":"<!-- This site is optimized with the Yoast SEO plugin v27.5 - https:\/\/yoast.com\/product\/yoast-seo-wordpress\/ -->\n<title>I Og\u00f3lnopolski Zjazd Organizacji Zrzeszaj\u0105cych Ratownik\u00f3w Medycznych -<\/title>\n<meta name=\"robots\" content=\"index, follow, max-snippet:-1, max-image-preview:large, max-video-preview:-1\" \/>\n<link rel=\"canonical\" href=\"https:\/\/ratmed.org\/index.php\/i-ogolnopolski-zjazd-organizacji-zrzeszajacych-ratownikow-medycznych\/\" \/>\n<meta property=\"og:locale\" content=\"pl_PL\" \/>\n<meta property=\"og:type\" content=\"article\" \/>\n<meta property=\"og:title\" content=\"I Og\u00f3lnopolski Zjazd Organizacji Zrzeszaj\u0105cych Ratownik\u00f3w Medycznych -\" \/>\n<meta property=\"og:description\" content=\"\u201eWsp\u00f3lnie dla zawodu\u201d \u2013 pod takim has\u0142em odby\u0142 si\u0119 w dniach 26-27 listopada 2023 r. I Og\u00f3lnopolski Zjazd Organizacji Zrzeszaj\u0105cych [&hellip;]\" \/>\n<meta property=\"og:url\" content=\"https:\/\/ratmed.org\/index.php\/i-ogolnopolski-zjazd-organizacji-zrzeszajacych-ratownikow-medycznych\/\" \/>\n<meta property=\"article:modified_time\" content=\"2023-12-01T21:36:14+00:00\" \/>\n<meta property=\"og:image\" content=\"https:\/\/ratmed.org\/wp-content\/uploads\/2023\/10\/2023-10-09-Baner-z-logiem-i-nazwa-wydarzenia-po-korekcie-z-krzyzem-1024x235.jpg\" \/>\n<meta name=\"twitter:card\" content=\"summary_large_image\" \/>\n<meta name=\"twitter:label1\" content=\"Szacowany czas czytania\" \/>\n\t<meta name=\"twitter:data1\" content=\"10 minut\" \/>\n<script type=\"application\/ld+json\" class=\"yoast-schema-graph\">{\"@context\":\"https:\\\/\\\/schema.org\",\"@graph\":[{\"@type\":\"WebPage\",\"@id\":\"https:\\\/\\\/ratmed.org\\\/index.php\\\/i-ogolnopolski-zjazd-organizacji-zrzeszajacych-ratownikow-medycznych\\\/\",\"url\":\"https:\\\/\\\/ratmed.org\\\/index.php\\\/i-ogolnopolski-zjazd-organizacji-zrzeszajacych-ratownikow-medycznych\\\/\",\"name\":\"I Og\u00f3lnopolski Zjazd Organizacji Zrzeszaj\u0105cych Ratownik\u00f3w Medycznych -\",\"isPartOf\":{\"@id\":\"https:\\\/\\\/ratmed.org\\\/#website\"},\"primaryImageOfPage\":{\"@id\":\"https:\\\/\\\/ratmed.org\\\/index.php\\\/i-ogolnopolski-zjazd-organizacji-zrzeszajacych-ratownikow-medycznych\\\/#primaryimage\"},\"image\":{\"@id\":\"https:\\\/\\\/ratmed.org\\\/index.php\\\/i-ogolnopolski-zjazd-organizacji-zrzeszajacych-ratownikow-medycznych\\\/#primaryimage\"},\"thumbnailUrl\":\"https:\\\/\\\/ratmed.org\\\/wp-content\\\/uploads\\\/2023\\\/10\\\/2023-10-09-Baner-z-logiem-i-nazwa-wydarzenia-po-korekcie-z-krzyzem-1024x235.jpg\",\"datePublished\":\"2023-12-01T21:32:38+00:00\",\"dateModified\":\"2023-12-01T21:36:14+00:00\",\"breadcrumb\":{\"@id\":\"https:\\\/\\\/ratmed.org\\\/index.php\\\/i-ogolnopolski-zjazd-organizacji-zrzeszajacych-ratownikow-medycznych\\\/#breadcrumb\"},\"inLanguage\":\"pl-PL\",\"potentialAction\":[{\"@type\":\"ReadAction\",\"target\":[\"https:\\\/\\\/ratmed.org\\\/index.php\\\/i-ogolnopolski-zjazd-organizacji-zrzeszajacych-ratownikow-medycznych\\\/\"]}]},{\"@type\":\"ImageObject\",\"inLanguage\":\"pl-PL\",\"@id\":\"https:\\\/\\\/ratmed.org\\\/index.php\\\/i-ogolnopolski-zjazd-organizacji-zrzeszajacych-ratownikow-medycznych\\\/#primaryimage\",\"url\":\"https:\\\/\\\/ratmed.org\\\/wp-content\\\/uploads\\\/2023\\\/10\\\/2023-10-09-Baner-z-logiem-i-nazwa-wydarzenia-po-korekcie-z-krzyzem.jpg\",\"contentUrl\":\"https:\\\/\\\/ratmed.org\\\/wp-content\\\/uploads\\\/2023\\\/10\\\/2023-10-09-Baner-z-logiem-i-nazwa-wydarzenia-po-korekcie-z-krzyzem.jpg\",\"width\":1147,\"height\":263},{\"@type\":\"BreadcrumbList\",\"@id\":\"https:\\\/\\\/ratmed.org\\\/index.php\\\/i-ogolnopolski-zjazd-organizacji-zrzeszajacych-ratownikow-medycznych\\\/#breadcrumb\",\"itemListElement\":[{\"@type\":\"ListItem\",\"position\":1,\"name\":\"Strona g\u0142\u00f3wna\",\"item\":\"https:\\\/\\\/ratmed.org\\\/\"},{\"@type\":\"ListItem\",\"position\":2,\"name\":\"I Og\u00f3lnopolski Zjazd Organizacji Zrzeszaj\u0105cych Ratownik\u00f3w Medycznych\"}]},{\"@type\":\"WebSite\",\"@id\":\"https:\\\/\\\/ratmed.org\\\/#website\",\"url\":\"https:\\\/\\\/ratmed.org\\\/\",\"name\":\"\",\"description\":\"Polskie Towarzystwo Ratownik\u00f3w Medycznych\",\"potentialAction\":[{\"@type\":\"SearchAction\",\"target\":{\"@type\":\"EntryPoint\",\"urlTemplate\":\"https:\\\/\\\/ratmed.org\\\/?s={search_term_string}\"},\"query-input\":{\"@type\":\"PropertyValueSpecification\",\"valueRequired\":true,\"valueName\":\"search_term_string\"}}],\"inLanguage\":\"pl-PL\"}]}<\/script>\n<!-- \/ Yoast SEO plugin. -->","yoast_head_json":{"title":"I Og\u00f3lnopolski Zjazd Organizacji Zrzeszaj\u0105cych Ratownik\u00f3w Medycznych -","robots":{"index":"index","follow":"follow","max-snippet":"max-snippet:-1","max-image-preview":"max-image-preview:large","max-video-preview":"max-video-preview:-1"},"canonical":"https:\/\/ratmed.org\/index.php\/i-ogolnopolski-zjazd-organizacji-zrzeszajacych-ratownikow-medycznych\/","og_locale":"pl_PL","og_type":"article","og_title":"I Og\u00f3lnopolski Zjazd Organizacji Zrzeszaj\u0105cych Ratownik\u00f3w Medycznych -","og_description":"\u201eWsp\u00f3lnie dla zawodu\u201d \u2013 pod takim has\u0142em odby\u0142 si\u0119 w dniach 26-27 listopada 2023 r. I Og\u00f3lnopolski Zjazd Organizacji Zrzeszaj\u0105cych [&hellip;]","og_url":"https:\/\/ratmed.org\/index.php\/i-ogolnopolski-zjazd-organizacji-zrzeszajacych-ratownikow-medycznych\/","article_modified_time":"2023-12-01T21:36:14+00:00","og_image":[{"url":"https:\/\/ratmed.org\/wp-content\/uploads\/2023\/10\/2023-10-09-Baner-z-logiem-i-nazwa-wydarzenia-po-korekcie-z-krzyzem-1024x235.jpg","type":"","width":"","height":""}],"twitter_card":"summary_large_image","twitter_misc":{"Szacowany czas czytania":"10 minut"},"schema":{"@context":"https:\/\/schema.org","@graph":[{"@type":"WebPage","@id":"https:\/\/ratmed.org\/index.php\/i-ogolnopolski-zjazd-organizacji-zrzeszajacych-ratownikow-medycznych\/","url":"https:\/\/ratmed.org\/index.php\/i-ogolnopolski-zjazd-organizacji-zrzeszajacych-ratownikow-medycznych\/","name":"I Og\u00f3lnopolski Zjazd Organizacji Zrzeszaj\u0105cych Ratownik\u00f3w Medycznych -","isPartOf":{"@id":"https:\/\/ratmed.org\/#website"},"primaryImageOfPage":{"@id":"https:\/\/ratmed.org\/index.php\/i-ogolnopolski-zjazd-organizacji-zrzeszajacych-ratownikow-medycznych\/#primaryimage"},"image":{"@id":"https:\/\/ratmed.org\/index.php\/i-ogolnopolski-zjazd-organizacji-zrzeszajacych-ratownikow-medycznych\/#primaryimage"},"thumbnailUrl":"https:\/\/ratmed.org\/wp-content\/uploads\/2023\/10\/2023-10-09-Baner-z-logiem-i-nazwa-wydarzenia-po-korekcie-z-krzyzem-1024x235.jpg","datePublished":"2023-12-01T21:32:38+00:00","dateModified":"2023-12-01T21:36:14+00:00","breadcrumb":{"@id":"https:\/\/ratmed.org\/index.php\/i-ogolnopolski-zjazd-organizacji-zrzeszajacych-ratownikow-medycznych\/#breadcrumb"},"inLanguage":"pl-PL","potentialAction":[{"@type":"ReadAction","target":["https:\/\/ratmed.org\/index.php\/i-ogolnopolski-zjazd-organizacji-zrzeszajacych-ratownikow-medycznych\/"]}]},{"@type":"ImageObject","inLanguage":"pl-PL","@id":"https:\/\/ratmed.org\/index.php\/i-ogolnopolski-zjazd-organizacji-zrzeszajacych-ratownikow-medycznych\/#primaryimage","url":"https:\/\/ratmed.org\/wp-content\/uploads\/2023\/10\/2023-10-09-Baner-z-logiem-i-nazwa-wydarzenia-po-korekcie-z-krzyzem.jpg","contentUrl":"https:\/\/ratmed.org\/wp-content\/uploads\/2023\/10\/2023-10-09-Baner-z-logiem-i-nazwa-wydarzenia-po-korekcie-z-krzyzem.jpg","width":1147,"height":263},{"@type":"BreadcrumbList","@id":"https:\/\/ratmed.org\/index.php\/i-ogolnopolski-zjazd-organizacji-zrzeszajacych-ratownikow-medycznych\/#breadcrumb","itemListElement":[{"@type":"ListItem","position":1,"name":"Strona g\u0142\u00f3wna","item":"https:\/\/ratmed.org\/"},{"@type":"ListItem","position":2,"name":"I Og\u00f3lnopolski Zjazd Organizacji Zrzeszaj\u0105cych Ratownik\u00f3w Medycznych"}]},{"@type":"WebSite","@id":"https:\/\/ratmed.org\/#website","url":"https:\/\/ratmed.org\/","name":"","description":"Polskie Towarzystwo Ratownik\u00f3w Medycznych","potentialAction":[{"@type":"SearchAction","target":{"@type":"EntryPoint","urlTemplate":"https:\/\/ratmed.org\/?s={search_term_string}"},"query-input":{"@type":"PropertyValueSpecification","valueRequired":true,"valueName":"search_term_string"}}],"inLanguage":"pl-PL"}]}},"_links":{"self":[{"href":"https:\/\/ratmed.org\/index.php\/wp-json\/wp\/v2\/pages\/3320","targetHints":{"allow":["GET"]}}],"collection":[{"href":"https:\/\/ratmed.org\/index.php\/wp-json\/wp\/v2\/pages"}],"about":[{"href":"https:\/\/ratmed.org\/index.php\/wp-json\/wp\/v2\/types\/page"}],"author":[{"embeddable":true,"href":"https:\/\/ratmed.org\/index.php\/wp-json\/wp\/v2\/users\/1"}],"replies":[{"embeddable":true,"href":"https:\/\/ratmed.org\/index.php\/wp-json\/wp\/v2\/comments?post=3320"}],"version-history":[{"count":3,"href":"https:\/\/ratmed.org\/index.php\/wp-json\/wp\/v2\/pages\/3320\/revisions"}],"predecessor-version":[{"id":3331,"href":"https:\/\/ratmed.org\/index.php\/wp-json\/wp\/v2\/pages\/3320\/revisions\/3331"}],"wp:attachment":[{"href":"https:\/\/ratmed.org\/index.php\/wp-json\/wp\/v2\/media?parent=3320"}],"curies":[{"name":"wp","href":"https:\/\/api.w.org\/{rel}","templated":true}]}}